{"id":878,"date":"2024-07-19T14:10:56","date_gmt":"2024-07-19T12:10:56","guid":{"rendered":"https:\/\/e2se.fr\/audiovisuel\/?page_id=878"},"modified":"2026-03-10T18:11:50","modified_gmt":"2026-03-10T17:11:50","slug":"notre-savoir-faire-e2se-audiovisuel","status":"publish","type":"page","link":"https:\/\/e2se.fr\/audiovisuel\/notre-savoir-faire-e2se-audiovisuel\/","title":{"rendered":"NOTRE SAVOIR-FAIRE"},"content":{"rendered":"\n<p class=\"is-style-introduction wp-block-paragraph\">La croissance du secteur de l\u2019Audiovisuel s\u2019accentue depuis 2022 et les productions culturelles pourraient doubler d\u2019ici 2030. C\u2019est dans ce contexte en plein essor, que <a href=\"https:\/\/e2se.fr\/audiovisuel\/\">l\u2019E2SE Audiovisuel<\/a> propose des formations de BTS \u2022 BAC+2 \u00e0 BACHELORS \u2022 BAC+3 en lien avec les besoins du march\u00e9.<\/p>\n\n\n\n<div class=\"wp-block-columns alignwide is-layout-flex wp-container-core-columns-is-layout-6b6325b1 wp-block-columns-is-layout-flex\">\n<div class=\"wp-block-column is-layout-flow wp-block-column-is-layout-flow\">\n<h2 class=\"wp-block-heading\">CAMPUS D\u00c9DI\u00c9 \u00c0 NOS \u00c9TUDIANT(E)S<\/h2>\n\n\n\n<p class=\"wp-block-paragraph\">Nos \u00e9tudiant(e)s en Audiovisuel profitent d\u2019un environnement accueillant et id\u00e9al au Campus 1 de Caen.<\/p>\n\n\n\n<ul class=\"wp-block-list\">\n<li>Ils ont \u00e0 leur disposition des espaces de coworking, des salles enti\u00e8rement \u00e9quip\u00e9es (vid\u00e9oprojecteurs, etc.). Ainsi que des zones de d\u00e9tente.<\/li>\n\n\n\n<li>Une caf\u00e9t\u00e9ria am\u00e9nag\u00e9e est \u00e9galement \u00e0 leur disposition pour leur confort quotidien. (distributeurs, micro-ondes, fontaines \u00e0 eau\u2026) <\/li>\n<\/ul>\n<\/div>\n\n\n\n<div class=\"wp-block-column is-layout-flow wp-block-column-is-layout-flow\">\n<figure class=\"wp-block-gallery has-nested-images columns-default is-cropped wp-block-gallery-1 is-layout-flex wp-block-gallery-is-layout-flex\">\n<figure class=\"wp-block-image alignwide size-large\"><img loading=\"lazy\" decoding=\"async\" width=\"1024\" height=\"673\" data-id=\"879\" src=\"https:\/\/e2se.fr\/audiovisuel\/wp-content\/uploads\/sites\/50\/2024\/07\/campus-1024x673.jpg\" alt=\"\" class=\"wp-image-879\" srcset=\"https:\/\/e2se.fr\/audiovisuel\/wp-content\/uploads\/sites\/50\/2024\/07\/campus-1024x673.jpg 1024w, https:\/\/e2se.fr\/audiovisuel\/wp-content\/uploads\/sites\/50\/2024\/07\/campus-300x197.jpg 300w, https:\/\/e2se.fr\/audiovisuel\/wp-content\/uploads\/sites\/50\/2024\/07\/campus-768x505.jpg 768w, https:\/\/e2se.fr\/audiovisuel\/wp-content\/uploads\/sites\/50\/2024\/07\/campus-400x263.jpg 400w, https:\/\/e2se.fr\/audiovisuel\/wp-content\/uploads\/sites\/50\/2024\/07\/campus.jpg 1536w\" sizes=\"auto, (max-width: 1024px) 100vw, 1024px\" \/><\/figure>\n<\/figure>\n<\/div>\n<\/div>\n\n\n\n<div class=\"wp-block-columns alignwide is-layout-flex wp-container-core-columns-is-layout-6b6325b1 wp-block-columns-is-layout-flex\">\n<div class=\"wp-block-column is-layout-flow wp-block-column-is-layout-flow\">\n<figure class=\"wp-block-gallery has-nested-images columns-default is-cropped wp-block-gallery-2 is-layout-flex wp-block-gallery-is-layout-flex\">\n<figure class=\"wp-block-image size-large\"><img loading=\"lazy\" decoding=\"async\" width=\"1024\" height=\"673\" data-id=\"880\" src=\"https:\/\/e2se.fr\/audiovisuel\/wp-content\/uploads\/sites\/50\/2024\/07\/outils_pedagogiques-1024x673.jpg\" alt=\"\" class=\"wp-image-880\" srcset=\"https:\/\/e2se.fr\/audiovisuel\/wp-content\/uploads\/sites\/50\/2024\/07\/outils_pedagogiques-1024x673.jpg 1024w, https:\/\/e2se.fr\/audiovisuel\/wp-content\/uploads\/sites\/50\/2024\/07\/outils_pedagogiques-300x197.jpg 300w, https:\/\/e2se.fr\/audiovisuel\/wp-content\/uploads\/sites\/50\/2024\/07\/outils_pedagogiques-768x505.jpg 768w, https:\/\/e2se.fr\/audiovisuel\/wp-content\/uploads\/sites\/50\/2024\/07\/outils_pedagogiques-400x263.jpg 400w, https:\/\/e2se.fr\/audiovisuel\/wp-content\/uploads\/sites\/50\/2024\/07\/outils_pedagogiques.jpg 1536w\" sizes=\"auto, (max-width: 1024px) 100vw, 1024px\" \/><\/figure>\n<\/figure>\n<\/div>\n\n\n\n<div class=\"wp-block-column is-layout-flow wp-block-column-is-layout-flow\">\n<h2 class=\"wp-block-heading\">accompagnement p\u00e9dagogique complet&nbsp;<\/h2>\n\n\n\n<p class=\"wp-block-paragraph\">\u00c0 l&rsquo;E2SE Audiovisuel, nous mettons \u00e0 disposition de nos \u00e9tudiants un panel de plus de 14 applications p\u00e9dagogiques pour enrichir leur apprentissage et maximiser leur r\u00e9ussite. Voici les plateformes &amp; logiciels que nos \u00e9tudiant(e)s utilisent : <\/p>\n\n\n\n<ul class=\"wp-block-list\">\n<li><strong><a href=\"https:\/\/www.adobe.com\/home?acomLocale=fr\">Suite Adobe<\/a>&nbsp;<\/strong>(Premi\u00e8re pro, After Effect&#8230;) : Pour des cr\u00e9ations professionnelles en design graphique, vid\u00e9o et web<\/li>\n\n\n\n<li><a href=\"https:\/\/www.avid.com\/media-composer\"><strong>Avid Media Composer<\/strong><\/a> : Pour un montage vid\u00e9o de qualit\u00e9 professionnelle<\/li>\n\n\n\n<li><a href=\"https:\/\/www.blackmagicdesign.com\/fr\/products\/davinciresolve\"><strong>DA VINCI Resolve<\/strong><\/a>&nbsp;: Pour un \u00e9talonnage et un montage vid\u00e9o avanc\u00e9s<\/li>\n<\/ul>\n<\/div>\n<\/div>\n\n\n\n<div class=\"wp-block-columns alignwide is-layout-flex wp-container-core-columns-is-layout-6b6325b1 wp-block-columns-is-layout-flex\">\n<div class=\"wp-block-column is-layout-flow wp-block-column-is-layout-flow\">\n<h2 class=\"wp-block-heading\">\u00e9quipements professionnels \u00e0 disposition<\/h2>\n\n\n\n<p class=\"wp-block-paragraph\">Nous disposons d\u2019une multitude d\u2019outils et de mat\u00e9riel audiovisuel, comparable \u00e0 ce que vous trouverez dans les studios et les agence de productions. Ces \u00e9quipements permettent \u00e0 nos \u00e9tudiants de se familiariser avec les technologies et les techniques du secteur. Leur offrant ainsi une belle mont\u00e9e en comp\u00e9tences qui sera un atout certain sur le march\u00e9 du travail.<\/p>\n<\/div>\n\n\n\n<div class=\"wp-block-column is-layout-flow wp-block-column-is-layout-flow\">\n<figure class=\"wp-block-gallery has-nested-images columns-default is-cropped wp-block-gallery-3 is-layout-flex wp-block-gallery-is-layout-flex\">\n<figure class=\"wp-block-image size-large\"><img loading=\"lazy\" decoding=\"async\" width=\"1024\" height=\"673\" data-id=\"883\" src=\"https:\/\/e2se.fr\/audiovisuel\/wp-content\/uploads\/sites\/50\/2024\/07\/equipements-pro-1024x673.jpg\" alt=\"\" class=\"wp-image-883\" srcset=\"https:\/\/e2se.fr\/audiovisuel\/wp-content\/uploads\/sites\/50\/2024\/07\/equipements-pro-1024x673.jpg 1024w, https:\/\/e2se.fr\/audiovisuel\/wp-content\/uploads\/sites\/50\/2024\/07\/equipements-pro-300x197.jpg 300w, https:\/\/e2se.fr\/audiovisuel\/wp-content\/uploads\/sites\/50\/2024\/07\/equipements-pro-768x505.jpg 768w, https:\/\/e2se.fr\/audiovisuel\/wp-content\/uploads\/sites\/50\/2024\/07\/equipements-pro-400x263.jpg 400w, https:\/\/e2se.fr\/audiovisuel\/wp-content\/uploads\/sites\/50\/2024\/07\/equipements-pro.jpg 1536w\" sizes=\"auto, (max-width: 1024px) 100vw, 1024px\" \/><\/figure>\n<\/figure>\n<\/div>\n<\/div>\n\n\n\n<figure class=\"wp-block-gallery alignwide has-nested-images columns-default is-cropped wp-block-gallery-4 is-layout-flex wp-block-gallery-is-layout-flex\">\n<figure class=\"wp-block-image size-large\"><img loading=\"lazy\" decoding=\"async\" width=\"1024\" height=\"673\" data-id=\"886\" src=\"https:\/\/e2se.fr\/audiovisuel\/wp-content\/uploads\/sites\/50\/2024\/07\/materiels_1-1024x673.jpg\" alt=\"\" class=\"wp-image-886\" srcset=\"https:\/\/e2se.fr\/audiovisuel\/wp-content\/uploads\/sites\/50\/2024\/07\/materiels_1-1024x673.jpg 1024w, https:\/\/e2se.fr\/audiovisuel\/wp-content\/uploads\/sites\/50\/2024\/07\/materiels_1-300x197.jpg 300w, https:\/\/e2se.fr\/audiovisuel\/wp-content\/uploads\/sites\/50\/2024\/07\/materiels_1-768x505.jpg 768w, https:\/\/e2se.fr\/audiovisuel\/wp-content\/uploads\/sites\/50\/2024\/07\/materiels_1-400x263.jpg 400w, https:\/\/e2se.fr\/audiovisuel\/wp-content\/uploads\/sites\/50\/2024\/07\/materiels_1.jpg 1536w\" sizes=\"auto, (max-width: 1024px) 100vw, 1024px\" \/><\/figure>\n\n\n\n<figure class=\"wp-block-image size-large\"><img loading=\"lazy\" decoding=\"async\" width=\"1024\" height=\"673\" data-id=\"887\" src=\"https:\/\/e2se.fr\/audiovisuel\/wp-content\/uploads\/sites\/50\/2024\/07\/materiels_2-1024x673.jpg\" alt=\"\" class=\"wp-image-887\" srcset=\"https:\/\/e2se.fr\/audiovisuel\/wp-content\/uploads\/sites\/50\/2024\/07\/materiels_2-1024x673.jpg 1024w, https:\/\/e2se.fr\/audiovisuel\/wp-content\/uploads\/sites\/50\/2024\/07\/materiels_2-300x197.jpg 300w, https:\/\/e2se.fr\/audiovisuel\/wp-content\/uploads\/sites\/50\/2024\/07\/materiels_2-768x505.jpg 768w, https:\/\/e2se.fr\/audiovisuel\/wp-content\/uploads\/sites\/50\/2024\/07\/materiels_2-400x263.jpg 400w, https:\/\/e2se.fr\/audiovisuel\/wp-content\/uploads\/sites\/50\/2024\/07\/materiels_2.jpg 1536w\" sizes=\"auto, (max-width: 1024px) 100vw, 1024px\" \/><\/figure>\n\n\n\n<figure class=\"wp-block-image size-large\"><img loading=\"lazy\" decoding=\"async\" width=\"1024\" height=\"673\" data-id=\"885\" src=\"https:\/\/e2se.fr\/audiovisuel\/wp-content\/uploads\/sites\/50\/2024\/07\/materiels_3-1024x673.jpg\" alt=\"\" class=\"wp-image-885\" srcset=\"https:\/\/e2se.fr\/audiovisuel\/wp-content\/uploads\/sites\/50\/2024\/07\/materiels_3-1024x673.jpg 1024w, https:\/\/e2se.fr\/audiovisuel\/wp-content\/uploads\/sites\/50\/2024\/07\/materiels_3-300x197.jpg 300w, https:\/\/e2se.fr\/audiovisuel\/wp-content\/uploads\/sites\/50\/2024\/07\/materiels_3-768x505.jpg 768w, https:\/\/e2se.fr\/audiovisuel\/wp-content\/uploads\/sites\/50\/2024\/07\/materiels_3-400x263.jpg 400w, https:\/\/e2se.fr\/audiovisuel\/wp-content\/uploads\/sites\/50\/2024\/07\/materiels_3.jpg 1536w\" sizes=\"auto, (max-width: 1024px) 100vw, 1024px\" \/><\/figure>\n<\/figure>\n\n\n\n<p class=\"wp-block-paragraph\"><\/p>\n\n\n\n<ul class=\"wp-block-list\">\n<li><strong>Nous avons comme mat\u00e9riels audiovisuels \u00e0 disposition : <\/strong><\/li>\n\n\n\n<li><strong>VID\u00c9O :<\/strong> 1 cam\u00e9ra Sony XDCAM PXW Z190 4K \u2022 2 cam\u00e9scopes Panasonic AG-AC 30 Full HD \u2022 6 Canon Eos 90D 4k\/full HD \u2022 3 Canon 77 D \u2022 objectif photo : 18-135mm, 24-70mm et 18-55mm \u2022 Filtre UV, polarisant \u2022 Tr\u00e9pieds Sachtler et Manfrotto pour cam\u00e9ra et appareil photo<\/li>\n\n\n\n<li><strong>SON : <\/strong>4 enregistreurs audio Tascam DR 60D mark II \u2022 3 enregistreurs audio HN6 Zoom \u2022 7 Micros perche Rode NTG2+perche \u2022 8Micros main Shure SM 58 \u2022 3 ensembles Micro cravate transmetteur recepteur HF Sennheiser EW112 \u2022 1 micro rode pour enregistrement voix off \u2022 Casque alimentation batterie<\/li>\n\n\n\n<li><strong>MACHINERIE : <\/strong>1 slider E imagine: travelling \u2022 1 grue mini jib \u2022 3 stabilisateur Ronin RS2 pour APN \u2022 2 stabilisateurs DJI osmo pour smartphone \u2022 10 cages pour smartphone\/appareil photo num\u00e9rique<\/li>\n\n\n\n<li><strong>\u00c9CLAIRAGE ET STUDIO :<\/strong> 1 kit 3 mandarines Ianiro 800w+tr\u00e9pied \u2022 1 kit 3 Led &nbsp;Swit CL-60D 60w-300w +tr\u00e9pieds+alimentation batterie \u2022 1 fond studio photo 3x6m \u2022 1 fond Vert pour green screen 3x6m \u2022 Fonds (gris, bleu, blanc, magenta) &nbsp;pour shooting photo<\/li>\n\n\n\n<li><strong>R\u00c9GIE VID\u00c9O AUDIO : <\/strong>1 m\u00e9langeur Black magic mini pro isio Full HD \u2022 1 m\u00e9langeur Audio yamaha 12 ent\u00e8es \u2022 Monitoring + cables audio et vid\u00e9o<\/li>\n\n\n\n<li><strong>POST PRODUCTION : <\/strong>3 stations post-production Da Vinci Resolve \u2022 1 Station avid Media composer muti entr\u00e9es audio vid\u00e9o 4K+ monitoring \u2022 Licence Adobe Cr\u00e9ative Cloud (nombre de poste \u00e0 demander au service informatique)<\/li>\n\n\n\n<li><strong>PODCAST : <\/strong>1&nbsp;station enregistrement Podcast avec m\u00e9langeur audio usb + micro et casque.<\/li>\n<\/ul>\n\n\n\n<div class=\"wp-block-columns alignwide is-layout-flex wp-container-core-columns-is-layout-6b6325b1 wp-block-columns-is-layout-flex\">\n<div class=\"wp-block-column is-layout-flow wp-block-column-is-layout-flow\">\n<figure class=\"wp-block-gallery has-nested-images columns-default is-cropped wp-block-gallery-5 is-layout-flex wp-block-gallery-is-layout-flex\">\n<figure class=\"wp-block-image size-large\"><img loading=\"lazy\" decoding=\"async\" width=\"1024\" height=\"673\" data-id=\"889\" src=\"https:\/\/e2se.fr\/audiovisuel\/wp-content\/uploads\/sites\/50\/2024\/07\/deauville-1024x673.jpg\" alt=\"\" class=\"wp-image-889\" srcset=\"https:\/\/e2se.fr\/audiovisuel\/wp-content\/uploads\/sites\/50\/2024\/07\/deauville-1024x673.jpg 1024w, https:\/\/e2se.fr\/audiovisuel\/wp-content\/uploads\/sites\/50\/2024\/07\/deauville-300x197.jpg 300w, https:\/\/e2se.fr\/audiovisuel\/wp-content\/uploads\/sites\/50\/2024\/07\/deauville-768x505.jpg 768w, https:\/\/e2se.fr\/audiovisuel\/wp-content\/uploads\/sites\/50\/2024\/07\/deauville-400x263.jpg 400w, https:\/\/e2se.fr\/audiovisuel\/wp-content\/uploads\/sites\/50\/2024\/07\/deauville.jpg 1536w\" sizes=\"auto, (max-width: 1024px) 100vw, 1024px\" \/><\/figure>\n<\/figure>\n<\/div>\n\n\n\n<div class=\"wp-block-column is-layout-flow wp-block-column-is-layout-flow\">\n<h2 class=\"wp-block-heading\">EXP\u00c9RIENCES P\u00c9DAGOGIQUES ENRICHISSANTES<\/h2>\n\n\n\n<p class=\"wp-block-paragraph\">Chaque \u00e9tudiant \u00e0 l\u2019E2SE Audiovisuel b\u00e9n\u00e9ficie d\u2019un suivi individualis\u00e9. Notre \u00e9quipe p\u00e9dagogique, compos\u00e9e de professionnels exp\u00e9riment\u00e9s, est d\u00e9di\u00e9e \u00e0 maximiser le potentiel de chaque \u00e9tudiant. Gr\u00e2ce \u00e0 un accompagnement personnalis\u00e9, nous nous assurons que chacun puisse atteindre ses objectifs et r\u00e9ussir dans sa future carri\u00e8re. Les \u00e9tudiants auront l\u2019opportunit\u00e9 de participer \u00e0 diverses <strong>sorties<\/strong> <strong>p\u00e9dagogiques<\/strong>, \u00e9v\u00e9nements, <strong>conf\u00e9rences<\/strong> et <strong>masterclass<\/strong>. Quelques exemples ci-dessous :<\/p>\n<\/div>\n<\/div>\n\n\n\n<figure class=\"wp-block-gallery alignwide has-nested-images columns-default is-cropped wp-block-gallery-6 is-layout-flex wp-block-gallery-is-layout-flex\">\n<figure class=\"wp-block-image size-large\"><img loading=\"lazy\" decoding=\"async\" width=\"1024\" height=\"673\" data-id=\"890\" src=\"https:\/\/e2se.fr\/audiovisuel\/wp-content\/uploads\/sites\/50\/2024\/07\/evenements_1-1024x673.jpg\" alt=\"\" class=\"wp-image-890\" srcset=\"https:\/\/e2se.fr\/audiovisuel\/wp-content\/uploads\/sites\/50\/2024\/07\/evenements_1-1024x673.jpg 1024w, https:\/\/e2se.fr\/audiovisuel\/wp-content\/uploads\/sites\/50\/2024\/07\/evenements_1-300x197.jpg 300w, https:\/\/e2se.fr\/audiovisuel\/wp-content\/uploads\/sites\/50\/2024\/07\/evenements_1-768x505.jpg 768w, https:\/\/e2se.fr\/audiovisuel\/wp-content\/uploads\/sites\/50\/2024\/07\/evenements_1-400x263.jpg 400w, https:\/\/e2se.fr\/audiovisuel\/wp-content\/uploads\/sites\/50\/2024\/07\/evenements_1.jpg 1536w\" sizes=\"auto, (max-width: 1024px) 100vw, 1024px\" \/><\/figure>\n\n\n\n<figure class=\"wp-block-image size-large\"><img loading=\"lazy\" decoding=\"async\" width=\"1024\" height=\"673\" data-id=\"892\" src=\"https:\/\/e2se.fr\/audiovisuel\/wp-content\/uploads\/sites\/50\/2024\/07\/evenements_2-1024x673.jpg\" alt=\"\" class=\"wp-image-892\" srcset=\"https:\/\/e2se.fr\/audiovisuel\/wp-content\/uploads\/sites\/50\/2024\/07\/evenements_2-1024x673.jpg 1024w, https:\/\/e2se.fr\/audiovisuel\/wp-content\/uploads\/sites\/50\/2024\/07\/evenements_2-300x197.jpg 300w, https:\/\/e2se.fr\/audiovisuel\/wp-content\/uploads\/sites\/50\/2024\/07\/evenements_2-768x505.jpg 768w, https:\/\/e2se.fr\/audiovisuel\/wp-content\/uploads\/sites\/50\/2024\/07\/evenements_2-400x263.jpg 400w, https:\/\/e2se.fr\/audiovisuel\/wp-content\/uploads\/sites\/50\/2024\/07\/evenements_2.jpg 1536w\" sizes=\"auto, (max-width: 1024px) 100vw, 1024px\" \/><\/figure>\n\n\n\n<figure class=\"wp-block-image size-large\"><img loading=\"lazy\" decoding=\"async\" width=\"1024\" height=\"673\" data-id=\"891\" src=\"https:\/\/e2se.fr\/audiovisuel\/wp-content\/uploads\/sites\/50\/2024\/07\/evenements_3-1024x673.jpg\" alt=\"\" class=\"wp-image-891\" srcset=\"https:\/\/e2se.fr\/audiovisuel\/wp-content\/uploads\/sites\/50\/2024\/07\/evenements_3-1024x673.jpg 1024w, https:\/\/e2se.fr\/audiovisuel\/wp-content\/uploads\/sites\/50\/2024\/07\/evenements_3-300x197.jpg 300w, https:\/\/e2se.fr\/audiovisuel\/wp-content\/uploads\/sites\/50\/2024\/07\/evenements_3-768x505.jpg 768w, https:\/\/e2se.fr\/audiovisuel\/wp-content\/uploads\/sites\/50\/2024\/07\/evenements_3-400x263.jpg 400w, https:\/\/e2se.fr\/audiovisuel\/wp-content\/uploads\/sites\/50\/2024\/07\/evenements_3.jpg 1536w\" sizes=\"auto, (max-width: 1024px) 100vw, 1024px\" \/><\/figure>\n<\/figure>\n\n\n\n<p class=\"wp-block-paragraph\"><\/p>\n\n\n\n<ul class=\"wp-block-list\">\n<li><strong><a href=\"https:\/\/www.festival-deauville.com\/\">Festival du Cin\u00e9ma Am\u00e9ricain \u00e0 Deauville<\/a> <\/strong>: Nos BTS M\u00e9tiers de l\u2019Audiovisuel ont eu l&rsquo;opportunit\u00e9 de participer au Festival du Film Am\u00e9ricain de Deauville. Cet \u00e9v\u00e9nement leur a offert des conf\u00e9rences et des projections en pr\u00e9sence de r\u00e9alisateurs et d\u2019\u00e9quipes de film ! <\/li>\n\n\n\n<li><strong><a href=\"https:\/\/imageinfrance.com\/\">Studio Gorilla \u2022 Image In France<\/a> :<\/strong> Visite de ce studio de tournage de 120m\u00b2 pour la capture et la diffusion de contenus vid\u00e9os. Ils ont \u00e9galement \u00e9chang\u00e9 avec Jacky Hervieux, professionnel du secteur, sur les aspects techniques de l\u2019image et du son.<\/li>\n\n\n\n<li><a href=\"https:\/\/francetvstudio.fr\/\"><strong>Studios de France T\u00e9l\u00e9vision<\/strong><\/a> : Nos \u00e9tudiants ont explor\u00e9 les coulisses de la t\u00e9l\u00e9vision en visitant la r\u00e9gie, les plateaux TV, et la salle de montage audio et vid\u00e9o. Cette exp\u00e9rience leur a offert une perspective unique sur la cr\u00e9ation de programmes t\u00e9l\u00e9visuels et les comp\u00e9tences n\u00e9cessaires.<\/li>\n<\/ul>\n\n\n\n<div class=\"wp-block-columns alignwide is-layout-flex wp-container-core-columns-is-layout-6b6325b1 wp-block-columns-is-layout-flex\">\n<div class=\"wp-block-column is-layout-flow wp-block-column-is-layout-flow\">\n<h2 class=\"wp-block-heading\">D\u00c9COUVERTE DE LA CAPTATION \u00c9V\u00c9NEMENTIELLE<\/h2>\n\n\n\n<p class=\"wp-block-paragraph\">Apr\u00e8s avoir d\u00e9couvert les plateaux de t\u00e9l\u00e9vision, nos \u00e9tudiants ont plong\u00e9 dans l\u2019univers fascinant de <strong><a href=\"https:\/\/www.novelty-group.com\/\">NOVELTY<\/a><\/strong>, sp\u00e9cialiste de l\u2019image, du son, de la lumi\u00e8re et des structures sc\u00e9niques pour \u00e9v\u00e9nements. <\/p>\n\n\n\n<p class=\"wp-block-paragraph\">Cette visite enrichissante, int\u00e9gr\u00e9e \u00e0 leur programme de cours, leur a offert l\u2019opportunit\u00e9 d\u2019explorer tous les aspects de l\u2019entreprise ainsi que de la captation \u00e9v\u00e9nementielle.<\/p>\n<\/div>\n\n\n\n<div class=\"wp-block-column is-layout-flow wp-block-column-is-layout-flow\">\n<figure class=\"wp-block-gallery has-nested-images columns-default is-cropped wp-block-gallery-7 is-layout-flex wp-block-gallery-is-layout-flex\">\n<figure class=\"wp-block-image size-large\"><img loading=\"lazy\" decoding=\"async\" width=\"1024\" height=\"673\" data-id=\"895\" src=\"https:\/\/e2se.fr\/audiovisuel\/wp-content\/uploads\/sites\/50\/2024\/07\/novelty-1024x673.jpg\" alt=\"\" class=\"wp-image-895\" srcset=\"https:\/\/e2se.fr\/audiovisuel\/wp-content\/uploads\/sites\/50\/2024\/07\/novelty-1024x673.jpg 1024w, https:\/\/e2se.fr\/audiovisuel\/wp-content\/uploads\/sites\/50\/2024\/07\/novelty-300x197.jpg 300w, https:\/\/e2se.fr\/audiovisuel\/wp-content\/uploads\/sites\/50\/2024\/07\/novelty-768x505.jpg 768w, https:\/\/e2se.fr\/audiovisuel\/wp-content\/uploads\/sites\/50\/2024\/07\/novelty-400x263.jpg 400w, https:\/\/e2se.fr\/audiovisuel\/wp-content\/uploads\/sites\/50\/2024\/07\/novelty.jpg 1536w\" sizes=\"auto, (max-width: 1024px) 100vw, 1024px\" \/><\/figure>\n<\/figure>\n<\/div>\n<\/div>\n\n\n\n<div class=\"wp-block-columns alignwide is-layout-flex wp-container-core-columns-is-layout-6b6325b1 wp-block-columns-is-layout-flex\">\n<div class=\"wp-block-column is-layout-flow wp-block-column-is-layout-flow\">\n<figure class=\"wp-block-gallery has-nested-images columns-default is-cropped wp-block-gallery-8 is-layout-flex wp-block-gallery-is-layout-flex\">\n<figure class=\"wp-block-image size-large\"><img loading=\"lazy\" decoding=\"async\" width=\"1024\" height=\"673\" data-id=\"896\" src=\"https:\/\/e2se.fr\/audiovisuel\/wp-content\/uploads\/sites\/50\/2024\/07\/tous_hanscene-1024x673.jpg\" alt=\"\" class=\"wp-image-896\" srcset=\"https:\/\/e2se.fr\/audiovisuel\/wp-content\/uploads\/sites\/50\/2024\/07\/tous_hanscene-1024x673.jpg 1024w, https:\/\/e2se.fr\/audiovisuel\/wp-content\/uploads\/sites\/50\/2024\/07\/tous_hanscene-300x197.jpg 300w, https:\/\/e2se.fr\/audiovisuel\/wp-content\/uploads\/sites\/50\/2024\/07\/tous_hanscene-768x505.jpg 768w, https:\/\/e2se.fr\/audiovisuel\/wp-content\/uploads\/sites\/50\/2024\/07\/tous_hanscene-400x263.jpg 400w, https:\/\/e2se.fr\/audiovisuel\/wp-content\/uploads\/sites\/50\/2024\/07\/tous_hanscene.jpg 1536w\" sizes=\"auto, (max-width: 1024px) 100vw, 1024px\" \/><\/figure>\n<\/figure>\n<\/div>\n\n\n\n<div class=\"wp-block-column is-layout-flow wp-block-column-is-layout-flow\">\n<h2 class=\"wp-block-heading\">CONCOURS TOUS HANSC\u00c8NE<\/h2>\n\n\n\n<p class=\"wp-block-paragraph\">Chaque ann\u00e9e, nos \u00e9tudiants participent \u00e0 divers concours et d\u00e9fis, les incitant \u00e0 cr\u00e9er des projets de grande qualit\u00e9. Cette ann\u00e9e, ils ont eu l\u2019opportunit\u00e9 de prendre part \u00e0 <a href=\"https:\/\/www.toushanscene.fr\/\"><strong>Tous Hansc\u00e8ne<\/strong><\/a> \u00ae, un concours organis\u00e9 par l\u2019association TREMPLIN \u00c9tudes &#8211; Handicap &#8211; Entreprises, ouvert \u00e0 tous les \u00e9tablissements d\u2019enseignement sup\u00e9rieur.<\/p>\n\n\n\n<p class=\"wp-block-paragraph\">Pour l\u2019\u00e9dition 2024 de ce concours, qui vise \u00e0 changer les perceptions sur le handicap, six productions vid\u00e9o ont \u00e9t\u00e9 pr\u00e9sent\u00e9es par nos \u00e9tudiants en BTS.<\/p>\n<\/div>\n<\/div>\n\n\n\n<div class=\"wp-block-columns alignwide is-layout-flex wp-container-core-columns-is-layout-6b6325b1 wp-block-columns-is-layout-flex\">\n<div class=\"wp-block-column is-layout-flow wp-block-column-is-layout-flow\">\n<h2 class=\"wp-block-heading\">CONF\u00c9RENCES &amp; MASTERCLASS<\/h2>\n\n\n\n<p class=\"wp-block-paragraph\">Tout au long de l\u2019ann\u00e9e, E2SE Audiovisuel s\u2019engage \u00e0 offrir une exp\u00e9rience enrichissante et diversifi\u00e9e \u00e0 ses \u00e9tudiants en organisant une multitude d\u2019\u00e9v\u00e9nements captivants. <\/p>\n\n\n\n<ul class=\"wp-block-list\">\n<li>&nbsp;Masterclass avec des r\u00e9alisateurs de films tels que \u00ab\u00a0Les Petites\u00a0\u00bb, \u00ab\u00a0Yolo\u00a0\u00bb, et \u00ab\u00a0Mash Up\u00a0\u00bb<\/li>\n\n\n\n<li>Conf\u00e9rences avec <strong><a href=\"https:\/\/www.linkedin.com\/in\/loris-marie-%F0%9F%8E%AC-10ab8713b\/\">Loris Marie<\/a><\/strong> &amp; <strong><a href=\"https:\/\/www.linkedin.com\/in\/adripicxs\/\">Adrien Bosher<\/a><\/strong>, vid\u00e9astes et photographes<\/li>\n\n\n\n<li>Rencontres du Cin\u00e9ma Ind\u00e9pendant<\/li>\n\n\n\n<li>Mise en place d\u2019un e-learning pour les Techniques de Mise en \u0152uvre<\/li>\n<\/ul>\n<\/div>\n\n\n\n<div class=\"wp-block-column is-layout-flow wp-block-column-is-layout-flow\">\n<figure class=\"wp-block-gallery has-nested-images columns-default is-cropped wp-block-gallery-9 is-layout-flex wp-block-gallery-is-layout-flex\">\n<figure class=\"wp-block-image size-large\"><img loading=\"lazy\" decoding=\"async\" width=\"1024\" height=\"673\" data-id=\"900\" src=\"https:\/\/e2se.fr\/audiovisuel\/wp-content\/uploads\/sites\/50\/2024\/07\/conference-1024x673.jpg\" alt=\"\" class=\"wp-image-900\" srcset=\"https:\/\/e2se.fr\/audiovisuel\/wp-content\/uploads\/sites\/50\/2024\/07\/conference-1024x673.jpg 1024w, https:\/\/e2se.fr\/audiovisuel\/wp-content\/uploads\/sites\/50\/2024\/07\/conference-300x197.jpg 300w, https:\/\/e2se.fr\/audiovisuel\/wp-content\/uploads\/sites\/50\/2024\/07\/conference-768x505.jpg 768w, https:\/\/e2se.fr\/audiovisuel\/wp-content\/uploads\/sites\/50\/2024\/07\/conference-400x263.jpg 400w, https:\/\/e2se.fr\/audiovisuel\/wp-content\/uploads\/sites\/50\/2024\/07\/conference.jpg 1536w\" sizes=\"auto, (max-width: 1024px) 100vw, 1024px\" \/><\/figure>\n<\/figure>\n<\/div>\n<\/div>\n\n\n\n<div class=\"wp-block-columns alignwide is-layout-flex wp-container-core-columns-is-layout-6b6325b1 wp-block-columns-is-layout-flex\">\n<div class=\"wp-block-column is-layout-flow wp-block-column-is-layout-flow\">\n<figure class=\"wp-block-gallery has-nested-images columns-default is-cropped wp-block-gallery-10 is-layout-flex wp-block-gallery-is-layout-flex\">\n<figure class=\"wp-block-image size-large\"><img loading=\"lazy\" decoding=\"async\" width=\"1024\" height=\"673\" data-id=\"918\" src=\"https:\/\/e2se.fr\/audiovisuel\/wp-content\/uploads\/sites\/50\/2024\/07\/wanna_travel-1024x673.jpg\" alt=\"\" class=\"wp-image-918\" srcset=\"https:\/\/e2se.fr\/audiovisuel\/wp-content\/uploads\/sites\/50\/2024\/07\/wanna_travel-1024x673.jpg 1024w, https:\/\/e2se.fr\/audiovisuel\/wp-content\/uploads\/sites\/50\/2024\/07\/wanna_travel-300x197.jpg 300w, https:\/\/e2se.fr\/audiovisuel\/wp-content\/uploads\/sites\/50\/2024\/07\/wanna_travel-768x505.jpg 768w, https:\/\/e2se.fr\/audiovisuel\/wp-content\/uploads\/sites\/50\/2024\/07\/wanna_travel-400x263.jpg 400w, https:\/\/e2se.fr\/audiovisuel\/wp-content\/uploads\/sites\/50\/2024\/07\/wanna_travel.jpg 1536w\" sizes=\"auto, (max-width: 1024px) 100vw, 1024px\" \/><\/figure>\n<\/figure>\n<\/div>\n\n\n\n<div class=\"wp-block-column is-layout-flow wp-block-column-is-layout-flow\">\n<h2 class=\"wp-block-heading\">MOBILIT\u00c9 INTERNATIONALE<\/h2>\n\n\n\n<p class=\"wp-block-paragraph\">Gr\u00e2ce \u00e0 notre programme de Learning Expedition, nos \u00e9tudiant(e)s ont d\u00e9couvert la magnifique ville de Barcelone : <\/p>\n\n\n\n<ul class=\"wp-block-list\">\n<li>Les cours de langues ont am\u00e9lior\u00e9 leur anglais par des sessions immersives tandis que <\/li>\n\n\n\n<li>Des activit\u00e9s culturelles pour d\u00e9couvrir la richesse de Barcelone. . <\/li>\n\n\n\n<li>Cette exp\u00e9rience a \u00e9galement \u00e9largi leur horizon, leur permettant de d\u00e9couvrir des lieux embl\u00e9matiques et de profiter de visites vari\u00e9es et enrichissantes.<\/li>\n<\/ul>\n<\/div>\n<\/div>\n\n\n\n<div class=\"wp-block-columns alignwide is-layout-flex wp-container-core-columns-is-layout-6b6325b1 wp-block-columns-is-layout-flex\">\n<div class=\"wp-block-column is-layout-flow wp-block-column-is-layout-flow\">\n<h2 class=\"wp-block-heading\">Reportage sur la Start&rsquo;UP Week<\/h2>\n\n\n\n<p class=\"wp-block-paragraph\">Tous les ans nos \u00e9tudiant(e)s en BAC+2 \u2022 BTS toutes fili\u00e8res confondues, de notre Business School participent \u00e0 la START\u2019UP WEEK ! Une semaine de cr\u00e9ation d\u2019entreprise riche en \u00e9motions ! Nos \u00e9tudiant(e)s en BAC+2 \u2022 BTS M\u00e9tiers de l\u2019Audiovisuel ont, eux aussi, un challenge \u00e0 relever lors de cette semaine de comp\u00e9tition. <\/p>\n\n\n\n<p class=\"wp-block-paragraph\"><strong>\ud83c\udfa5 Leur mission ?<\/strong> Leur objectif : r\u00e9aliser un clip vid\u00e9o en laissant pour pr\u00e9senter et mettre en avant cet \u00e9v\u00e9nement incontournable. Champ libre sur le th\u00e8me et le format, une seule et unique contrainte : un d\u00e9lai de 4 jours.<\/p>\n\n\n\n<div class=\"wp-block-buttons is-layout-flex wp-block-buttons-is-layout-flex\">\n<div class=\"wp-block-button\"><a class=\"wp-block-button__link wp-element-button\" href=\"https:\/\/e2se.fr\/projets-audiovisuels-startup-week\/\"><strong>D\u00c9COUVRIR LES PROJETS<\/strong><\/a><\/div>\n<\/div>\n<\/div>\n\n\n\n<div class=\"wp-block-column is-layout-flow wp-block-column-is-layout-flow\">\n<figure class=\"wp-block-gallery has-nested-images columns-default is-cropped wp-block-gallery-11 is-layout-flex wp-block-gallery-is-layout-flex\">\n<figure class=\"wp-block-image size-large\"><img loading=\"lazy\" decoding=\"async\" width=\"1024\" height=\"673\" data-id=\"906\" src=\"https:\/\/e2se.fr\/audiovisuel\/wp-content\/uploads\/sites\/50\/2024\/07\/stratup_week-1024x673.jpg\" alt=\"\" class=\"wp-image-906\" srcset=\"https:\/\/e2se.fr\/audiovisuel\/wp-content\/uploads\/sites\/50\/2024\/07\/stratup_week-1024x673.jpg 1024w, https:\/\/e2se.fr\/audiovisuel\/wp-content\/uploads\/sites\/50\/2024\/07\/stratup_week-300x197.jpg 300w, https:\/\/e2se.fr\/audiovisuel\/wp-content\/uploads\/sites\/50\/2024\/07\/stratup_week-768x505.jpg 768w, https:\/\/e2se.fr\/audiovisuel\/wp-content\/uploads\/sites\/50\/2024\/07\/stratup_week-400x263.jpg 400w, https:\/\/e2se.fr\/audiovisuel\/wp-content\/uploads\/sites\/50\/2024\/07\/stratup_week.jpg 1536w\" sizes=\"auto, (max-width: 1024px) 100vw, 1024px\" \/><\/figure>\n<\/figure>\n<\/div>\n<\/div>\n\n\n\n<figure class=\"wp-block-embed alignwide is-type-video is-provider-youtube wp-block-embed-youtube wp-embed-aspect-16-9 wp-has-aspect-ratio\"><div class=\"wp-block-embed__wrapper\">\n<iframe loading=\"lazy\" title=\"PROJET AUDIOVISUEL N\u00b01 \u2022 START&#039;UP WEEK\" width=\"500\" height=\"281\" src=\"https:\/\/www.youtube.com\/embed\/BZLIP6O5Edk?feature=oembed\" frameborder=\"0\" allow=\"accelerometer; autoplay; clipboard-write; encrypted-media; gyroscope; picture-in-picture; web-share\" referrerpolicy=\"strict-origin-when-cross-origin\" allowfullscreen><\/iframe>\n<\/div><\/figure>\n","protected":false},"excerpt":{"rendered":"<p>La croissance du secteur de l\u2019Audiovisuel s\u2019accentue depuis 2022 et les productions culturelles pourraient doubler d\u2019ici 2030. C\u2019est dans ce contexte en plein essor, que l\u2019E2SE Audiovisuel propose des formations [&hellip;]<\/p>\n","protected":false},"author":6,"featured_media":0,"parent":0,"menu_order":0,"comment_status":"closed","ping_status":"closed","template":"","meta":{"_acf_changed":false,"footnotes":""},"class_list":["post-878","page","type-page","status-publish","hentry"],"acf":[],"yoast_head":"<!-- This site is optimized with the Yoast SEO plugin v28.1 - https:\/\/yoast.com\/product\/yoast-seo-wordpress\/ -->\n<title>Notre Savoir-Faire \u2022 E2SE Audiovisuel \u00e0 CAEN Normandie<\/title>\n<meta name=\"description\" content=\"Notre Savoir-Faire \u2022 L\u2019E2SE Audiovisuel propose des formations de BTS \u2022 BAC+2 \u00e0 BACHELORS \u2022 BAC+3 en lien avec les besoins du march\u00e9.\" \/>\n<meta name=\"robots\" content=\"index, follow, max-snippet:-1, max-image-preview:large, max-video-preview:-1\" \/>\n<link rel=\"canonical\" href=\"https:\/\/e2se.fr\/audiovisuel\/notre-savoir-faire-e2se-audiovisuel\/\" \/>\n<meta property=\"og:locale\" content=\"fr_FR\" \/>\n<meta property=\"og:type\" content=\"article\" \/>\n<meta property=\"og:title\" content=\"Notre Savoir-Faire \u2022 E2SE Audiovisuel \u00e0 CAEN Normandie\" \/>\n<meta property=\"og:description\" content=\"Notre Savoir-Faire \u2022 L\u2019E2SE Audiovisuel propose des formations de BTS \u2022 BAC+2 \u00e0 BACHELORS \u2022 BAC+3 en lien avec les besoins du march\u00e9.\" \/>\n<meta property=\"og:url\" content=\"https:\/\/e2se.fr\/audiovisuel\/notre-savoir-faire-e2se-audiovisuel\/\" \/>\n<meta property=\"og:site_name\" content=\"E2SE Audiovisuel\" \/>\n<meta property=\"article:modified_time\" content=\"2026-03-10T17:11:50+00:00\" \/>\n<meta property=\"og:image\" content=\"https:\/\/e2se.fr\/audiovisuel\/wp-content\/uploads\/sites\/50\/2024\/07\/campus.jpg\" \/>\n\t<meta property=\"og:image:width\" content=\"1536\" \/>\n\t<meta property=\"og:image:height\" content=\"1009\" \/>\n\t<meta property=\"og:image:type\" content=\"image\/jpeg\" \/>\n<meta name=\"twitter:card\" content=\"summary_large_image\" \/>\n<meta name=\"twitter:label1\" content=\"Dur\u00e9e de lecture estim\u00e9e\" \/>\n\t<meta name=\"twitter:data1\" content=\"6 minutes\" \/>\n<script type=\"application\/ld+json\" class=\"yoast-schema-graph\">{\"@context\":\"https:\\\/\\\/schema.org\",\"@graph\":[{\"@type\":\"WebPage\",\"@id\":\"https:\\\/\\\/e2se.fr\\\/audiovisuel\\\/notre-savoir-faire-e2se-audiovisuel\\\/\",\"url\":\"https:\\\/\\\/e2se.fr\\\/audiovisuel\\\/notre-savoir-faire-e2se-audiovisuel\\\/\",\"name\":\"Notre Savoir-Faire \u2022 E2SE Audiovisuel \u00e0 CAEN Normandie\",\"isPartOf\":{\"@id\":\"https:\\\/\\\/e2se.fr\\\/audiovisuel\\\/#website\"},\"primaryImageOfPage\":{\"@id\":\"https:\\\/\\\/e2se.fr\\\/audiovisuel\\\/notre-savoir-faire-e2se-audiovisuel\\\/#primaryimage\"},\"image\":{\"@id\":\"https:\\\/\\\/e2se.fr\\\/audiovisuel\\\/notre-savoir-faire-e2se-audiovisuel\\\/#primaryimage\"},\"thumbnailUrl\":\"https:\\\/\\\/e2se.fr\\\/audiovisuel\\\/wp-content\\\/uploads\\\/sites\\\/50\\\/2024\\\/07\\\/campus-1024x673.jpg\",\"datePublished\":\"2024-07-19T12:10:56+00:00\",\"dateModified\":\"2026-03-10T17:11:50+00:00\",\"description\":\"Notre Savoir-Faire \u2022 L\u2019E2SE Audiovisuel propose des formations de BTS \u2022 BAC+2 \u00e0 BACHELORS \u2022 BAC+3 en lien avec les besoins du march\u00e9.\",\"breadcrumb\":{\"@id\":\"https:\\\/\\\/e2se.fr\\\/audiovisuel\\\/notre-savoir-faire-e2se-audiovisuel\\\/#breadcrumb\"},\"inLanguage\":\"fr-FR\",\"potentialAction\":[{\"@type\":\"ReadAction\",\"target\":[\"https:\\\/\\\/e2se.fr\\\/audiovisuel\\\/notre-savoir-faire-e2se-audiovisuel\\\/\"]}]},{\"@type\":\"ImageObject\",\"inLanguage\":\"fr-FR\",\"@id\":\"https:\\\/\\\/e2se.fr\\\/audiovisuel\\\/notre-savoir-faire-e2se-audiovisuel\\\/#primaryimage\",\"url\":\"https:\\\/\\\/e2se.fr\\\/audiovisuel\\\/wp-content\\\/uploads\\\/sites\\\/50\\\/2024\\\/07\\\/campus.jpg\",\"contentUrl\":\"https:\\\/\\\/e2se.fr\\\/audiovisuel\\\/wp-content\\\/uploads\\\/sites\\\/50\\\/2024\\\/07\\\/campus.jpg\",\"width\":1536,\"height\":1009},{\"@type\":\"BreadcrumbList\",\"@id\":\"https:\\\/\\\/e2se.fr\\\/audiovisuel\\\/notre-savoir-faire-e2se-audiovisuel\\\/#breadcrumb\",\"itemListElement\":[{\"@type\":\"ListItem\",\"position\":1,\"name\":\"Accueil\",\"item\":\"https:\\\/\\\/e2se.fr\\\/audiovisuel\\\/\"},{\"@type\":\"ListItem\",\"position\":2,\"name\":\"NOTRE SAVOIR-FAIRE\"}]},{\"@type\":\"WebSite\",\"@id\":\"https:\\\/\\\/e2se.fr\\\/audiovisuel\\\/#website\",\"url\":\"https:\\\/\\\/e2se.fr\\\/audiovisuel\\\/\",\"name\":\"E2SE Audiovisuel\",\"description\":\"\",\"potentialAction\":[{\"@type\":\"SearchAction\",\"target\":{\"@type\":\"EntryPoint\",\"urlTemplate\":\"https:\\\/\\\/e2se.fr\\\/audiovisuel\\\/?s={search_term_string}\"},\"query-input\":{\"@type\":\"PropertyValueSpecification\",\"valueRequired\":true,\"valueName\":\"search_term_string\"}}],\"inLanguage\":\"fr-FR\"}]}<\/script>\n<!-- \/ Yoast SEO plugin. -->","yoast_head_json":{"title":"Notre Savoir-Faire \u2022 E2SE Audiovisuel \u00e0 CAEN Normandie","description":"Notre Savoir-Faire \u2022 L\u2019E2SE Audiovisuel propose des formations de BTS \u2022 BAC+2 \u00e0 BACHELORS \u2022 BAC+3 en lien avec les besoins du march\u00e9.","robots":{"index":"index","follow":"follow","max-snippet":"max-snippet:-1","max-image-preview":"max-image-preview:large","max-video-preview":"max-video-preview:-1"},"canonical":"https:\/\/e2se.fr\/audiovisuel\/notre-savoir-faire-e2se-audiovisuel\/","og_locale":"fr_FR","og_type":"article","og_title":"Notre Savoir-Faire \u2022 E2SE Audiovisuel \u00e0 CAEN Normandie","og_description":"Notre Savoir-Faire \u2022 L\u2019E2SE Audiovisuel propose des formations de BTS \u2022 BAC+2 \u00e0 BACHELORS \u2022 BAC+3 en lien avec les besoins du march\u00e9.","og_url":"https:\/\/e2se.fr\/audiovisuel\/notre-savoir-faire-e2se-audiovisuel\/","og_site_name":"E2SE Audiovisuel","article_modified_time":"2026-03-10T17:11:50+00:00","og_image":[{"width":1536,"height":1009,"url":"https:\/\/e2se.fr\/audiovisuel\/wp-content\/uploads\/sites\/50\/2024\/07\/campus.jpg","type":"image\/jpeg"}],"twitter_card":"summary_large_image","twitter_misc":{"Dur\u00e9e de lecture estim\u00e9e":"6 minutes"},"schema":{"@context":"https:\/\/schema.org","@graph":[{"@type":"WebPage","@id":"https:\/\/e2se.fr\/audiovisuel\/notre-savoir-faire-e2se-audiovisuel\/","url":"https:\/\/e2se.fr\/audiovisuel\/notre-savoir-faire-e2se-audiovisuel\/","name":"Notre Savoir-Faire \u2022 E2SE Audiovisuel \u00e0 CAEN Normandie","isPartOf":{"@id":"https:\/\/e2se.fr\/audiovisuel\/#website"},"primaryImageOfPage":{"@id":"https:\/\/e2se.fr\/audiovisuel\/notre-savoir-faire-e2se-audiovisuel\/#primaryimage"},"image":{"@id":"https:\/\/e2se.fr\/audiovisuel\/notre-savoir-faire-e2se-audiovisuel\/#primaryimage"},"thumbnailUrl":"https:\/\/e2se.fr\/audiovisuel\/wp-content\/uploads\/sites\/50\/2024\/07\/campus-1024x673.jpg","datePublished":"2024-07-19T12:10:56+00:00","dateModified":"2026-03-10T17:11:50+00:00","description":"Notre Savoir-Faire \u2022 L\u2019E2SE Audiovisuel propose des formations de BTS \u2022 BAC+2 \u00e0 BACHELORS \u2022 BAC+3 en lien avec les besoins du march\u00e9.","breadcrumb":{"@id":"https:\/\/e2se.fr\/audiovisuel\/notre-savoir-faire-e2se-audiovisuel\/#breadcrumb"},"inLanguage":"fr-FR","potentialAction":[{"@type":"ReadAction","target":["https:\/\/e2se.fr\/audiovisuel\/notre-savoir-faire-e2se-audiovisuel\/"]}]},{"@type":"ImageObject","inLanguage":"fr-FR","@id":"https:\/\/e2se.fr\/audiovisuel\/notre-savoir-faire-e2se-audiovisuel\/#primaryimage","url":"https:\/\/e2se.fr\/audiovisuel\/wp-content\/uploads\/sites\/50\/2024\/07\/campus.jpg","contentUrl":"https:\/\/e2se.fr\/audiovisuel\/wp-content\/uploads\/sites\/50\/2024\/07\/campus.jpg","width":1536,"height":1009},{"@type":"BreadcrumbList","@id":"https:\/\/e2se.fr\/audiovisuel\/notre-savoir-faire-e2se-audiovisuel\/#breadcrumb","itemListElement":[{"@type":"ListItem","position":1,"name":"Accueil","item":"https:\/\/e2se.fr\/audiovisuel\/"},{"@type":"ListItem","position":2,"name":"NOTRE SAVOIR-FAIRE"}]},{"@type":"WebSite","@id":"https:\/\/e2se.fr\/audiovisuel\/#website","url":"https:\/\/e2se.fr\/audiovisuel\/","name":"E2SE Audiovisuel","description":"","potentialAction":[{"@type":"SearchAction","target":{"@type":"EntryPoint","urlTemplate":"https:\/\/e2se.fr\/audiovisuel\/?s={search_term_string}"},"query-input":{"@type":"PropertyValueSpecification","valueRequired":true,"valueName":"search_term_string"}}],"inLanguage":"fr-FR"}]}},"_links":{"self":[{"href":"https:\/\/e2se.fr\/audiovisuel\/wp-json\/wp\/v2\/pages\/878","targetHints":{"allow":["GET"]}}],"collection":[{"href":"https:\/\/e2se.fr\/audiovisuel\/wp-json\/wp\/v2\/pages"}],"about":[{"href":"https:\/\/e2se.fr\/audiovisuel\/wp-json\/wp\/v2\/types\/page"}],"author":[{"embeddable":true,"href":"https:\/\/e2se.fr\/audiovisuel\/wp-json\/wp\/v2\/users\/6"}],"replies":[{"embeddable":true,"href":"https:\/\/e2se.fr\/audiovisuel\/wp-json\/wp\/v2\/comments?post=878"}],"version-history":[{"count":22,"href":"https:\/\/e2se.fr\/audiovisuel\/wp-json\/wp\/v2\/pages\/878\/revisions"}],"predecessor-version":[{"id":939,"href":"https:\/\/e2se.fr\/audiovisuel\/wp-json\/wp\/v2\/pages\/878\/revisions\/939"}],"wp:attachment":[{"href":"https:\/\/e2se.fr\/audiovisuel\/wp-json\/wp\/v2\/media?parent=878"}],"curies":[{"name":"wp","href":"https:\/\/api.w.org\/{rel}","templated":true}]}}