{"id":881,"date":"2024-07-29T16:09:16","date_gmt":"2024-07-29T14:09:16","guid":{"rendered":"https:\/\/e2se.fr\/qualite-environnement\/?page_id=881"},"modified":"2024-07-30T15:30:01","modified_gmt":"2024-07-30T13:30:01","slug":"actions-pedagogiques-e2se-qualite-environnement","status":"publish","type":"page","link":"https:\/\/e2se.fr\/qualite-environnement\/actions-pedagogiques-e2se-qualite-environnement\/","title":{"rendered":"NOTRE SAVOIR-FAIRE"},"content":{"rendered":"\n<p class=\"is-style-introduction\">\u00c0 l\u2019E2SE Qualit\u00e9 &amp; Environnement, nous nous engageons \u00e0 cr\u00e9er un environnement d\u2019\u00e9tudes optimal pour nos \u00e9tudiants. Nous accompagnons nos <strong>futur(e)s expert(e)s en qualit\u00e9, s\u00e9curit\u00e9, environnement et d\u00e9veloppement durable<\/strong> tout au long de leur formation. Gr\u00e2ce \u00e0 une vari\u00e9t\u00e9 d\u2019\u00e9v\u00e9nements et d\u2019initiatives p\u00e9dagogiques, nous enrichissons leur parcours et les pr\u00e9parons de mani\u00e8re optimale \u00e0 leur future carri\u00e8re.<\/p>\n\n\n\n<div class=\"wp-block-columns alignwide is-layout-flex wp-container-core-columns-is-layout-28f84493 wp-block-columns-is-layout-flex\">\n<div class=\"wp-block-column is-layout-flow wp-block-column-is-layout-flow\">\n<h2 class=\"wp-block-heading\">UN CAMPUS D\u00c9DI\u00c9 \u00c0 NOS \u00c9TUDIANTS<\/h2>\n\n\n\n<ul class=\"wp-block-list\">\n<li>Notre <strong>nouveau Campus 3 \u2013 E2SE Qualit\u00e9 &amp; Environnement<\/strong>, situ\u00e9 au 5 rue L\u00e9opold S\u00e9dar-Senghor \u00e0 Colombelles, offre plus de <strong>1 850 m\u00b2 enti\u00e8rement d\u00e9di\u00e9s \u00e0 la formation et \u00e0 la vie \u00e9tudiante<\/strong>. Cet espace est con\u00e7u pour favoriser l\u2019apprentissage, le confort et le bien-\u00eatre de nos \u00e9tudiants.<\/li>\n\n\n\n<li>Les \u00e9tudiants disposent de <strong>salles de cours et d\u2019espaces de coworking<\/strong> enti\u00e8rement \u00e9quip\u00e9s (vid\u00e9oprojecteurs, etc.), ainsi que de <strong>zones de d\u00e9tente am\u00e9nag\u00e9es avec babyfoot et canap\u00e9s<\/strong>.<\/li>\n\n\n\n<li>Une <strong>caf\u00e9t\u00e9ria avec distributeurs, micro-ondes et fontaines \u00e0 eau<\/strong> est \u00e9galement \u00e0 leur disposition pour leur confort quotidien. De plus, un <strong>parking de 250 places est exclusivement r\u00e9serv\u00e9 aux \u00e9tudiants et formateurs<\/strong>.<\/li>\n<\/ul>\n\n\n\n<div class=\"wp-block-buttons is-layout-flex wp-block-buttons-is-layout-flex\">\n<div class=\"wp-block-button\"><a class=\"wp-block-button__link wp-element-button\" href=\"https:\/\/e2se.fr\/e2se-groupe\/nos-campus\/\"><strong>d\u00e9couvrir nos campus <\/strong><\/a><\/div>\n<\/div>\n<\/div>\n\n\n\n<div class=\"wp-block-column is-layout-flow wp-block-column-is-layout-flow\">\n<figure class=\"wp-block-image size-large\"><img loading=\"lazy\" decoding=\"async\" width=\"1024\" height=\"673\" src=\"https:\/\/e2se.fr\/qualite-environnement\/wp-content\/uploads\/sites\/43\/2024\/07\/19-1024x673.png\" alt=\"\" class=\"wp-image-883\" srcset=\"https:\/\/e2se.fr\/qualite-environnement\/wp-content\/uploads\/sites\/43\/2024\/07\/19-1024x673.png 1024w, https:\/\/e2se.fr\/qualite-environnement\/wp-content\/uploads\/sites\/43\/2024\/07\/19-300x197.png 300w, https:\/\/e2se.fr\/qualite-environnement\/wp-content\/uploads\/sites\/43\/2024\/07\/19-768x505.png 768w, https:\/\/e2se.fr\/qualite-environnement\/wp-content\/uploads\/sites\/43\/2024\/07\/19-400x263.png 400w, https:\/\/e2se.fr\/qualite-environnement\/wp-content\/uploads\/sites\/43\/2024\/07\/19.png 1536w\" sizes=\"auto, (max-width: 1024px) 100vw, 1024px\" \/><\/figure>\n<\/div>\n<\/div>\n\n\n\n<div class=\"wp-block-columns alignwide is-layout-flex wp-container-core-columns-is-layout-28f84493 wp-block-columns-is-layout-flex\">\n<div class=\"wp-block-column is-layout-flow wp-block-column-is-layout-flow\">\n<figure class=\"wp-block-image size-large\"><img loading=\"lazy\" decoding=\"async\" width=\"1024\" height=\"673\" src=\"https:\/\/e2se.fr\/qualite-environnement\/wp-content\/uploads\/sites\/43\/2024\/07\/VISUELS-SITE-11-1024x673.png\" alt=\"\" class=\"wp-image-885\" srcset=\"https:\/\/e2se.fr\/qualite-environnement\/wp-content\/uploads\/sites\/43\/2024\/07\/VISUELS-SITE-11-1024x673.png 1024w, https:\/\/e2se.fr\/qualite-environnement\/wp-content\/uploads\/sites\/43\/2024\/07\/VISUELS-SITE-11-300x197.png 300w, https:\/\/e2se.fr\/qualite-environnement\/wp-content\/uploads\/sites\/43\/2024\/07\/VISUELS-SITE-11-768x505.png 768w, https:\/\/e2se.fr\/qualite-environnement\/wp-content\/uploads\/sites\/43\/2024\/07\/VISUELS-SITE-11-400x263.png 400w, https:\/\/e2se.fr\/qualite-environnement\/wp-content\/uploads\/sites\/43\/2024\/07\/VISUELS-SITE-11.png 1536w\" sizes=\"auto, (max-width: 1024px) 100vw, 1024px\" \/><\/figure>\n<\/div>\n\n\n\n<div class=\"wp-block-column is-layout-flow wp-block-column-is-layout-flow\">\n<h2 class=\"wp-block-heading\">D\u00c9COUVRIR NOS OUTILS &amp; LOGICIELS P\u00c9DAGOGIQUES<\/h2>\n\n\n\n<p>Pour enrichir leur formation, nous mettons \u00e0 disposition divers <strong>outils p\u00e9dagogiques essentiels<\/strong> :<\/p>\n\n\n\n<ul class=\"wp-block-list\">\n<li><strong>ENI<\/strong> : Livres, vid\u00e9os et formations en informatique, bureautique, PAO et web<\/li>\n\n\n\n<li><strong>CYBERLIBRIS<\/strong> : Acc\u00e8s illimit\u00e9 7j\/7 et 24h\/24 \u00e0 une biblioth\u00e8que en ligne qui regroupe plus de 20 000 r\u00e9f\u00e9rences<\/li>\n<\/ul>\n\n\n\n<div class=\"wp-block-buttons is-layout-flex wp-block-buttons-is-layout-flex\">\n<div class=\"wp-block-button\"><a class=\"wp-block-button__link wp-element-button\" href=\"https:\/\/e2se.fr\/espace-etudiant\/#outils\"><strong>D\u00c9COUVRIR NOS OUTILS<\/strong><\/a><\/div>\n<\/div>\n<\/div>\n<\/div>\n\n\n\n<div class=\"wp-block-columns alignwide is-layout-flex wp-container-core-columns-is-layout-28f84493 wp-block-columns-is-layout-flex\">\n<div class=\"wp-block-column is-layout-flow wp-block-column-is-layout-flow\">\n<h2 class=\"wp-block-heading\">CONCOURS &amp; \u00c9V\u00c9NEMENTS<\/h2>\n\n\n\n<p>Pour une professionnalisation continue, nos \u00e9tudiants b\u00e9n\u00e9ficient de nombreuses <strong>opportunit\u00e9s tout au long de l\u2019ann\u00e9e<\/strong> :<\/p>\n\n\n\n<ul class=\"wp-block-list\">\n<li><strong>Ateliers de Techniques de Recherche d\u2019Entreprises<\/strong> : Am\u00e9lioration de l\u2019approche des entretiens, perfectionnement des comp\u00e9tences professionnelles et de la pr\u00e9sentation.<\/li>\n\n\n\n<li><strong>Start\u2019up Week by E2SE<\/strong> : Participation \u00e0 un serious game collaboratif et multi-disciplines d\u00e9di\u00e9 \u00e0 la cr\u00e9ation d\u2019entreprise, favorisant l\u2019innovation et le travail d\u2019\u00e9quipe.<\/li>\n\n\n\n<li><strong><a href=\"https:\/\/www.moho.co\/fr\/article\/inventer-la-ville-vivante-de-demain-rejoignez-les-actions-en-cours-sur-tout-le-territoire\/\">Cr\u00e9athon Biomim\u00e9tisme<\/a><\/strong> : Cr\u00e9ation de projets entrepreneuriaux inspir\u00e9s du vivant, avec des ateliers en intelligence collective encadr\u00e9s par des experts.<\/li>\n\n\n\n<li><strong>Conf\u00e9rences et Ateliers Th\u00e9matiques<\/strong> : Conf\u00e9rences et ateliers sur des sujets tels que la sant\u00e9 et le bien-\u00eatre au travail, l\u2019innovation en d\u00e9veloppement durable et la pr\u00e9vention des risques professionnels.<\/li>\n<\/ul>\n<\/div>\n\n\n\n<div class=\"wp-block-column is-layout-flow wp-block-column-is-layout-flow\">\n<figure class=\"wp-block-image size-large\"><img loading=\"lazy\" decoding=\"async\" width=\"1024\" height=\"673\" src=\"https:\/\/e2se.fr\/qualite-environnement\/wp-content\/uploads\/sites\/43\/2024\/07\/VISUELS-SITE-8-1024x673.png\" alt=\"\" class=\"wp-image-886\" srcset=\"https:\/\/e2se.fr\/qualite-environnement\/wp-content\/uploads\/sites\/43\/2024\/07\/VISUELS-SITE-8-1024x673.png 1024w, https:\/\/e2se.fr\/qualite-environnement\/wp-content\/uploads\/sites\/43\/2024\/07\/VISUELS-SITE-8-300x197.png 300w, https:\/\/e2se.fr\/qualite-environnement\/wp-content\/uploads\/sites\/43\/2024\/07\/VISUELS-SITE-8-768x505.png 768w, https:\/\/e2se.fr\/qualite-environnement\/wp-content\/uploads\/sites\/43\/2024\/07\/VISUELS-SITE-8-400x263.png 400w, https:\/\/e2se.fr\/qualite-environnement\/wp-content\/uploads\/sites\/43\/2024\/07\/VISUELS-SITE-8.png 1536w\" sizes=\"auto, (max-width: 1024px) 100vw, 1024px\" \/><\/figure>\n\n\n\n<div class=\"wp-block-buttons is-layout-flex wp-block-buttons-is-layout-flex\">\n<div class=\"wp-block-button\"><a class=\"wp-block-button__link wp-element-button\" href=\"https:\/\/e2se.fr\/actualites\/\"><strong>PLUS D&rsquo;ACTUALIT\u00c9S <\/strong><\/a><\/div>\n<\/div>\n<\/div>\n<\/div>\n\n\n\n<div class=\"wp-block-columns alignwide is-layout-flex wp-container-core-columns-is-layout-28f84493 wp-block-columns-is-layout-flex\">\n<div class=\"wp-block-column is-layout-flow wp-block-column-is-layout-flow\">\n<figure class=\"wp-block-image size-large\"><img loading=\"lazy\" decoding=\"async\" width=\"1024\" height=\"673\" src=\"https:\/\/e2se.fr\/qualite-environnement\/wp-content\/uploads\/sites\/43\/2024\/07\/VISUELS-SITE-9-1024x673.png\" alt=\"\" class=\"wp-image-887\" srcset=\"https:\/\/e2se.fr\/qualite-environnement\/wp-content\/uploads\/sites\/43\/2024\/07\/VISUELS-SITE-9-1024x673.png 1024w, https:\/\/e2se.fr\/qualite-environnement\/wp-content\/uploads\/sites\/43\/2024\/07\/VISUELS-SITE-9-300x197.png 300w, https:\/\/e2se.fr\/qualite-environnement\/wp-content\/uploads\/sites\/43\/2024\/07\/VISUELS-SITE-9-768x505.png 768w, https:\/\/e2se.fr\/qualite-environnement\/wp-content\/uploads\/sites\/43\/2024\/07\/VISUELS-SITE-9-400x263.png 400w, https:\/\/e2se.fr\/qualite-environnement\/wp-content\/uploads\/sites\/43\/2024\/07\/VISUELS-SITE-9.png 1536w\" sizes=\"auto, (max-width: 1024px) 100vw, 1024px\" \/><\/figure>\n\n\n\n<figure class=\"wp-block-image size-large\"><img loading=\"lazy\" decoding=\"async\" width=\"1024\" height=\"673\" src=\"https:\/\/e2se.fr\/qualite-environnement\/wp-content\/uploads\/sites\/43\/2024\/07\/117-1024x673.png\" alt=\"\" class=\"wp-image-888\" srcset=\"https:\/\/e2se.fr\/qualite-environnement\/wp-content\/uploads\/sites\/43\/2024\/07\/117-1024x673.png 1024w, https:\/\/e2se.fr\/qualite-environnement\/wp-content\/uploads\/sites\/43\/2024\/07\/117-300x197.png 300w, https:\/\/e2se.fr\/qualite-environnement\/wp-content\/uploads\/sites\/43\/2024\/07\/117-768x505.png 768w, https:\/\/e2se.fr\/qualite-environnement\/wp-content\/uploads\/sites\/43\/2024\/07\/117-400x263.png 400w, https:\/\/e2se.fr\/qualite-environnement\/wp-content\/uploads\/sites\/43\/2024\/07\/117.png 1536w\" sizes=\"auto, (max-width: 1024px) 100vw, 1024px\" \/><\/figure>\n<\/div>\n\n\n\n<div class=\"wp-block-column is-layout-flow wp-block-column-is-layout-flow\">\n<h2 class=\"wp-block-heading\">ECOLO DAY 2024<\/h2>\n\n\n\n<p>Lundi 22 avril, nos \u00e9tudiant(e)s en <strong>BAC+3 \u2022 BACHELOR Responsable Qualit\u00e9, Sant\u00e9, S\u00e9curit\u00e9, Environnement<\/strong> ont organis\u00e9 l\u2019<strong>ECOLO DAY<\/strong> sur le campus 1 de l\u2019E2SE Business School de 09h30 \u00e0 17h00. Cette journ\u00e9e a \u00e9t\u00e9 d\u00e9di\u00e9e \u00e0 la sensibilisation et au partage sur l\u2019impact environnemental, avec diverses activit\u00e9s, ateliers, jeux et \u00e9changes.<\/p>\n\n\n\n<p><strong>Activit\u00e9s propos\u00e9es :<\/strong><\/p>\n\n\n\n<ul class=\"wp-block-list\">\n<li><strong>Chasse au tr\u00e9sor \u00e9cologique<\/strong> : Collectez des indices sur divers stands pour tenter de remporter un cadeau.<\/li>\n\n\n\n<li><strong>Ateliers pratiques<\/strong> : Confection de lessive respectueuse de l\u2019environnement, cr\u00e9ation de murs v\u00e9g\u00e9taux en palettes, d\u00e9couverte de bijoux z\u00e9ro d\u00e9chet.<\/li>\n\n\n\n<li><strong>D\u00e9gustations<\/strong> : Smoothies et cocktails fruit\u00e9s personnalis\u00e9s avec Permajuice et leur CycloJuice, repas \u00e9co-responsables avec le food truck La Cantina.<\/li>\n\n\n\n<li><strong>Conf\u00e9rences et sensibilisation<\/strong> : Ateliers avec Normandie Equitable, \u00e9co-conf\u00e9rence, animations sur le recyclage des m\u00e9gots avec ZORROMEGOT.<\/li>\n\n\n\n<li><strong>Rencontre avec Tesla Caen<\/strong> : D\u00e9couverte de leur engagement environnemental et de leur mission pour la transition vers les \u00e9nergies durables.<\/li>\n<\/ul>\n\n\n\n<p>Nos partenaires ont contribu\u00e9 \u00e0 <strong>sensibiliser les participants \u00e0 l\u2019\u00e9cologie et au d\u00e9veloppement durable<\/strong>. Cette journ\u00e9e a permis de renforcer l\u2019engagement de nos \u00e9tudiant(e)s et visiteurs pour une plan\u00e8te plus verte.<\/p>\n<\/div>\n<\/div>\n\n\n\n<blockquote class=\"wp-block-quote is-layout-flow wp-block-quote-is-layout-flow\">\n<p class=\"has-text-align-center\">Lancez votre carri\u00e8re dans la qualit\u00e9, s\u00e9curit\u00e9, environnement et le d\u00e9veloppement durable avec l\u2019E2SE Qualit\u00e9 &amp; Environnement !<\/p>\n<\/blockquote>\n\n\n\n<div class=\"wp-block-columns alignwide is-layout-flex wp-container-core-columns-is-layout-28f84493 wp-block-columns-is-layout-flex\">\n<div class=\"wp-block-column is-layout-flow wp-block-column-is-layout-flow\">\n<h2 class=\"wp-block-heading\">MOBILIT\u00c9 INTERNATIONALE<\/h2>\n\n\n\n<p>Nos \u00e9tudiants ont eu l&rsquo;occasion de d\u00e9couvrir plusieurs villes europ\u00e9ennes gr\u00e2ce \u00e0 notre programme de <strong>Learning Expedition<\/strong> : Barcelone, Stockholm et Prague. Les cours de langues ont permis de perfectionner leur anglais, tandis que les activit\u00e9s culturelles ont enrichi leur exp\u00e9rience avec la d\u00e9couverte de lieux embl\u00e9matiques.<\/p>\n<\/div>\n\n\n\n<div class=\"wp-block-column is-layout-flow wp-block-column-is-layout-flow\">\n<figure class=\"wp-block-image size-large\"><img loading=\"lazy\" decoding=\"async\" width=\"1024\" height=\"673\" src=\"https:\/\/e2se.fr\/qualite-environnement\/wp-content\/uploads\/sites\/43\/2024\/07\/VISUELS-SITE-6-1024x673.png\" alt=\"\" class=\"wp-image-891\" srcset=\"https:\/\/e2se.fr\/qualite-environnement\/wp-content\/uploads\/sites\/43\/2024\/07\/VISUELS-SITE-6-1024x673.png 1024w, https:\/\/e2se.fr\/qualite-environnement\/wp-content\/uploads\/sites\/43\/2024\/07\/VISUELS-SITE-6-300x197.png 300w, https:\/\/e2se.fr\/qualite-environnement\/wp-content\/uploads\/sites\/43\/2024\/07\/VISUELS-SITE-6-768x505.png 768w, https:\/\/e2se.fr\/qualite-environnement\/wp-content\/uploads\/sites\/43\/2024\/07\/VISUELS-SITE-6-400x263.png 400w, https:\/\/e2se.fr\/qualite-environnement\/wp-content\/uploads\/sites\/43\/2024\/07\/VISUELS-SITE-6.png 1536w\" sizes=\"auto, (max-width: 1024px) 100vw, 1024px\" \/><\/figure>\n<\/div>\n<\/div>\n\n\n\n<div class=\"wp-block-columns alignwide is-layout-flex wp-container-core-columns-is-layout-28f84493 wp-block-columns-is-layout-flex\">\n<div class=\"wp-block-column is-layout-flow wp-block-column-is-layout-flow\">\n<figure class=\"wp-block-image size-large\"><img loading=\"lazy\" decoding=\"async\" width=\"1024\" height=\"673\" src=\"https:\/\/e2se.fr\/qualite-environnement\/wp-content\/uploads\/sites\/43\/2024\/07\/VISUELS-SITE-10-1024x673.png\" alt=\"\" class=\"wp-image-892\" srcset=\"https:\/\/e2se.fr\/qualite-environnement\/wp-content\/uploads\/sites\/43\/2024\/07\/VISUELS-SITE-10-1024x673.png 1024w, https:\/\/e2se.fr\/qualite-environnement\/wp-content\/uploads\/sites\/43\/2024\/07\/VISUELS-SITE-10-300x197.png 300w, https:\/\/e2se.fr\/qualite-environnement\/wp-content\/uploads\/sites\/43\/2024\/07\/VISUELS-SITE-10-768x505.png 768w, https:\/\/e2se.fr\/qualite-environnement\/wp-content\/uploads\/sites\/43\/2024\/07\/VISUELS-SITE-10-400x263.png 400w, https:\/\/e2se.fr\/qualite-environnement\/wp-content\/uploads\/sites\/43\/2024\/07\/VISUELS-SITE-10.png 1536w\" sizes=\"auto, (max-width: 1024px) 100vw, 1024px\" \/><\/figure>\n<\/div>\n\n\n\n<div class=\"wp-block-column is-layout-flow wp-block-column-is-layout-flow\">\n<h2 class=\"wp-block-heading\">NOTRE \u00c9QUIPE ET NOS \u00c9TUDIANTS<\/h2>\n\n\n\n<p>Nos <strong>\u00e9tudiants et \u00e9tudiantes, engag\u00e9s et motiv\u00e9s<\/strong>, partagent r\u00e9guli\u00e8rement leurs exp\u00e9riences \u00e0 travers des t\u00e9moignages \u00e9crits et vid\u00e9os. Ces retours permettent de d\u00e9couvrir les d\u00e9fis qu&rsquo;ils ont surmont\u00e9s, les comp\u00e9tences acquises et leur vision de leur future carri\u00e8re. Nos formateurs enrichissent \u00e9galement ces t\u00e9moignages d\u2019un \u00e9clairage professionnel pr\u00e9cieux, offrant une vue compl\u00e8te de la vie \u00e0 l\u2019E2SE Qualit\u00e9 &amp; Environnement.<\/p>\n\n\n\n<p>Explorez ces t\u00e9moignages pour mieux comprendre <strong>l\u2019exp\u00e9rience unique<\/strong> que nous offrons et pour vous inspirer de leurs r\u00e9ussites et de leur passion.<\/p>\n\n\n\n<div class=\"wp-block-buttons is-layout-flex wp-block-buttons-is-layout-flex\">\n<div class=\"wp-block-button\"><a class=\"wp-block-button__link wp-element-button\" href=\"https:\/\/e2se.fr\/temoignages-success-stories\/\"><strong>NOS T\u00c9MOIGNAGES<\/strong><\/a><\/div>\n<\/div>\n<\/div>\n<\/div>\n","protected":false},"excerpt":{"rendered":"<p>\u00c0 l\u2019E2SE Qualit\u00e9 &amp; Environnement, nous nous engageons \u00e0 cr\u00e9er un environnement d\u2019\u00e9tudes optimal pour nos \u00e9tudiants. Nous accompagnons nos futur(e)s expert(e)s en qualit\u00e9, s\u00e9curit\u00e9, environnement et d\u00e9veloppement durable tout [&hellip;]<\/p>\n","protected":false},"author":40,"featured_media":0,"parent":0,"menu_order":0,"comment_status":"closed","ping_status":"closed","template":"","meta":{"_acf_changed":false,"footnotes":""},"class_list":["post-881","page","type-page","status-publish","hentry"],"acf":[],"yoast_head":"<!-- This site is optimized with the Yoast SEO plugin v27.1.1 - https:\/\/yoast.com\/product\/yoast-seo-wordpress\/ -->\n<title>Actions P\u00e9dagogiques E2SE Environnement \u2022 Campus 3 \u00e0 CAEN<\/title>\n<meta name=\"description\" content=\"Actions P\u00e9dagogiques E2SE Environnement \u2022 D\u00e9couvrez nos \u00c9v\u00e9nements pour se challenger, nos Sorties P\u00e9dagogiques, le Cadre de Travail...\" \/>\n<meta name=\"robots\" content=\"index, follow, max-snippet:-1, max-image-preview:large, max-video-preview:-1\" \/>\n<link rel=\"canonical\" href=\"https:\/\/e2se.fr\/qualite-environnement\/actions-pedagogiques-e2se-qualite-environnement\/\" \/>\n<meta property=\"og:locale\" content=\"fr_FR\" \/>\n<meta property=\"og:type\" content=\"article\" \/>\n<meta property=\"og:title\" content=\"Actions P\u00e9dagogiques E2SE Environnement \u2022 Campus 3 \u00e0 CAEN\" \/>\n<meta property=\"og:description\" content=\"Actions P\u00e9dagogiques E2SE Environnement \u2022 D\u00e9couvrez nos \u00c9v\u00e9nements pour se challenger, nos Sorties P\u00e9dagogiques, le Cadre de Travail...\" \/>\n<meta property=\"og:url\" content=\"https:\/\/e2se.fr\/qualite-environnement\/actions-pedagogiques-e2se-qualite-environnement\/\" \/>\n<meta property=\"og:site_name\" content=\"E2SE Qualit\u00e9 &amp; environnement\" \/>\n<meta property=\"article:modified_time\" content=\"2024-07-30T13:30:01+00:00\" \/>\n<meta property=\"og:image\" content=\"https:\/\/e2se.fr\/qualite-environnement\/wp-content\/uploads\/sites\/43\/2024\/07\/19-1024x673.png\" \/>\n<meta name=\"twitter:card\" content=\"summary_large_image\" \/>\n<meta name=\"twitter:label1\" content=\"Dur\u00e9e de lecture estim\u00e9e\" \/>\n\t<meta name=\"twitter:data1\" content=\"4 minutes\" \/>\n<script type=\"application\/ld+json\" class=\"yoast-schema-graph\">{\"@context\":\"https:\/\/schema.org\",\"@graph\":[{\"@type\":\"WebPage\",\"@id\":\"https:\/\/e2se.fr\/qualite-environnement\/actions-pedagogiques-e2se-qualite-environnement\/\",\"url\":\"https:\/\/e2se.fr\/qualite-environnement\/actions-pedagogiques-e2se-qualite-environnement\/\",\"name\":\"Actions P\u00e9dagogiques E2SE Environnement \u2022 Campus 3 \u00e0 CAEN\",\"isPartOf\":{\"@id\":\"https:\/\/e2se.fr\/qualite-environnement\/#website\"},\"primaryImageOfPage\":{\"@id\":\"https:\/\/e2se.fr\/qualite-environnement\/actions-pedagogiques-e2se-qualite-environnement\/#primaryimage\"},\"image\":{\"@id\":\"https:\/\/e2se.fr\/qualite-environnement\/actions-pedagogiques-e2se-qualite-environnement\/#primaryimage\"},\"thumbnailUrl\":\"https:\/\/e2se.fr\/qualite-environnement\/wp-content\/uploads\/sites\/43\/2024\/07\/19-1024x673.png\",\"datePublished\":\"2024-07-29T14:09:16+00:00\",\"dateModified\":\"2024-07-30T13:30:01+00:00\",\"description\":\"Actions P\u00e9dagogiques E2SE Environnement \u2022 D\u00e9couvrez nos \u00c9v\u00e9nements pour se challenger, nos Sorties P\u00e9dagogiques, le Cadre de Travail...\",\"breadcrumb\":{\"@id\":\"https:\/\/e2se.fr\/qualite-environnement\/actions-pedagogiques-e2se-qualite-environnement\/#breadcrumb\"},\"inLanguage\":\"fr-FR\",\"potentialAction\":[{\"@type\":\"ReadAction\",\"target\":[\"https:\/\/e2se.fr\/qualite-environnement\/actions-pedagogiques-e2se-qualite-environnement\/\"]}]},{\"@type\":\"ImageObject\",\"inLanguage\":\"fr-FR\",\"@id\":\"https:\/\/e2se.fr\/qualite-environnement\/actions-pedagogiques-e2se-qualite-environnement\/#primaryimage\",\"url\":\"https:\/\/e2se.fr\/qualite-environnement\/wp-content\/uploads\/sites\/43\/2024\/07\/19.png\",\"contentUrl\":\"https:\/\/e2se.fr\/qualite-environnement\/wp-content\/uploads\/sites\/43\/2024\/07\/19.png\",\"width\":1536,\"height\":1009},{\"@type\":\"BreadcrumbList\",\"@id\":\"https:\/\/e2se.fr\/qualite-environnement\/actions-pedagogiques-e2se-qualite-environnement\/#breadcrumb\",\"itemListElement\":[{\"@type\":\"ListItem\",\"position\":1,\"name\":\"Accueil\",\"item\":\"https:\/\/e2se.fr\/qualite-environnement\/\"},{\"@type\":\"ListItem\",\"position\":2,\"name\":\"NOTRE SAVOIR-FAIRE\"}]},{\"@type\":\"WebSite\",\"@id\":\"https:\/\/e2se.fr\/qualite-environnement\/#website\",\"url\":\"https:\/\/e2se.fr\/qualite-environnement\/\",\"name\":\"E2SE Qualit\u00e9 &amp; environnement\",\"description\":\"E2SE Groupe\",\"potentialAction\":[{\"@type\":\"SearchAction\",\"target\":{\"@type\":\"EntryPoint\",\"urlTemplate\":\"https:\/\/e2se.fr\/qualite-environnement\/?s={search_term_string}\"},\"query-input\":{\"@type\":\"PropertyValueSpecification\",\"valueRequired\":true,\"valueName\":\"search_term_string\"}}],\"inLanguage\":\"fr-FR\"}]}<\/script>\n<!-- \/ Yoast SEO plugin. -->","yoast_head_json":{"title":"Actions P\u00e9dagogiques E2SE Environnement \u2022 Campus 3 \u00e0 CAEN","description":"Actions P\u00e9dagogiques E2SE Environnement \u2022 D\u00e9couvrez nos \u00c9v\u00e9nements pour se challenger, nos Sorties P\u00e9dagogiques, le Cadre de Travail...","robots":{"index":"index","follow":"follow","max-snippet":"max-snippet:-1","max-image-preview":"max-image-preview:large","max-video-preview":"max-video-preview:-1"},"canonical":"https:\/\/e2se.fr\/qualite-environnement\/actions-pedagogiques-e2se-qualite-environnement\/","og_locale":"fr_FR","og_type":"article","og_title":"Actions P\u00e9dagogiques E2SE Environnement \u2022 Campus 3 \u00e0 CAEN","og_description":"Actions P\u00e9dagogiques E2SE Environnement \u2022 D\u00e9couvrez nos \u00c9v\u00e9nements pour se challenger, nos Sorties P\u00e9dagogiques, le Cadre de Travail...","og_url":"https:\/\/e2se.fr\/qualite-environnement\/actions-pedagogiques-e2se-qualite-environnement\/","og_site_name":"E2SE Qualit\u00e9 &amp; environnement","article_modified_time":"2024-07-30T13:30:01+00:00","og_image":[{"url":"https:\/\/e2se.fr\/qualite-environnement\/wp-content\/uploads\/sites\/43\/2024\/07\/19-1024x673.png","type":"","width":"","height":""}],"twitter_card":"summary_large_image","twitter_misc":{"Dur\u00e9e de lecture estim\u00e9e":"4 minutes"},"schema":{"@context":"https:\/\/schema.org","@graph":[{"@type":"WebPage","@id":"https:\/\/e2se.fr\/qualite-environnement\/actions-pedagogiques-e2se-qualite-environnement\/","url":"https:\/\/e2se.fr\/qualite-environnement\/actions-pedagogiques-e2se-qualite-environnement\/","name":"Actions P\u00e9dagogiques E2SE Environnement \u2022 Campus 3 \u00e0 CAEN","isPartOf":{"@id":"https:\/\/e2se.fr\/qualite-environnement\/#website"},"primaryImageOfPage":{"@id":"https:\/\/e2se.fr\/qualite-environnement\/actions-pedagogiques-e2se-qualite-environnement\/#primaryimage"},"image":{"@id":"https:\/\/e2se.fr\/qualite-environnement\/actions-pedagogiques-e2se-qualite-environnement\/#primaryimage"},"thumbnailUrl":"https:\/\/e2se.fr\/qualite-environnement\/wp-content\/uploads\/sites\/43\/2024\/07\/19-1024x673.png","datePublished":"2024-07-29T14:09:16+00:00","dateModified":"2024-07-30T13:30:01+00:00","description":"Actions P\u00e9dagogiques E2SE Environnement \u2022 D\u00e9couvrez nos \u00c9v\u00e9nements pour se challenger, nos Sorties P\u00e9dagogiques, le Cadre de Travail...","breadcrumb":{"@id":"https:\/\/e2se.fr\/qualite-environnement\/actions-pedagogiques-e2se-qualite-environnement\/#breadcrumb"},"inLanguage":"fr-FR","potentialAction":[{"@type":"ReadAction","target":["https:\/\/e2se.fr\/qualite-environnement\/actions-pedagogiques-e2se-qualite-environnement\/"]}]},{"@type":"ImageObject","inLanguage":"fr-FR","@id":"https:\/\/e2se.fr\/qualite-environnement\/actions-pedagogiques-e2se-qualite-environnement\/#primaryimage","url":"https:\/\/e2se.fr\/qualite-environnement\/wp-content\/uploads\/sites\/43\/2024\/07\/19.png","contentUrl":"https:\/\/e2se.fr\/qualite-environnement\/wp-content\/uploads\/sites\/43\/2024\/07\/19.png","width":1536,"height":1009},{"@type":"BreadcrumbList","@id":"https:\/\/e2se.fr\/qualite-environnement\/actions-pedagogiques-e2se-qualite-environnement\/#breadcrumb","itemListElement":[{"@type":"ListItem","position":1,"name":"Accueil","item":"https:\/\/e2se.fr\/qualite-environnement\/"},{"@type":"ListItem","position":2,"name":"NOTRE SAVOIR-FAIRE"}]},{"@type":"WebSite","@id":"https:\/\/e2se.fr\/qualite-environnement\/#website","url":"https:\/\/e2se.fr\/qualite-environnement\/","name":"E2SE Qualit\u00e9 &amp; environnement","description":"E2SE Groupe","potentialAction":[{"@type":"SearchAction","target":{"@type":"EntryPoint","urlTemplate":"https:\/\/e2se.fr\/qualite-environnement\/?s={search_term_string}"},"query-input":{"@type":"PropertyValueSpecification","valueRequired":true,"valueName":"search_term_string"}}],"inLanguage":"fr-FR"}]}},"_links":{"self":[{"href":"https:\/\/e2se.fr\/qualite-environnement\/wp-json\/wp\/v2\/pages\/881","targetHints":{"allow":["GET"]}}],"collection":[{"href":"https:\/\/e2se.fr\/qualite-environnement\/wp-json\/wp\/v2\/pages"}],"about":[{"href":"https:\/\/e2se.fr\/qualite-environnement\/wp-json\/wp\/v2\/types\/page"}],"author":[{"embeddable":true,"href":"https:\/\/e2se.fr\/qualite-environnement\/wp-json\/wp\/v2\/users\/40"}],"replies":[{"embeddable":true,"href":"https:\/\/e2se.fr\/qualite-environnement\/wp-json\/wp\/v2\/comments?post=881"}],"version-history":[{"count":6,"href":"https:\/\/e2se.fr\/qualite-environnement\/wp-json\/wp\/v2\/pages\/881\/revisions"}],"predecessor-version":[{"id":909,"href":"https:\/\/e2se.fr\/qualite-environnement\/wp-json\/wp\/v2\/pages\/881\/revisions\/909"}],"wp:attachment":[{"href":"https:\/\/e2se.fr\/qualite-environnement\/wp-json\/wp\/v2\/media?parent=881"}],"curies":[{"name":"wp","href":"https:\/\/api.w.org\/{rel}","templated":true}]}}